{"id":3249,"date":"2023-06-09T09:36:05","date_gmt":"2023-06-09T07:36:05","guid":{"rendered":"https:\/\/adiosamoresperros.org\/?p=3249"},"modified":"2023-06-09T15:43:40","modified_gmt":"2023-06-09T13:43:40","slug":"retiro-en-la-naturaleza-landing","status":"publish","type":"page","link":"https:\/\/adiosamoresperros.org\/ca\/retiro-en-la-naturaleza-landing\/","title":{"rendered":"Retiro feminista en la naturaleza"},"content":{"rendered":"<div style=\"height:100px\" aria-hidden=\"true\" class=\"wp-block-spacer\"><\/div>\n\n\n\n<h4 class=\"has-text-align-center wp-block-heading\"><strong>30 de junio, 1 y 2 de julio: <\/strong><\/h4>\n\n\n\n<h1 class=\"has-text-align-center has-custom-weight has-custom-transform wp-block-heading\" style=\"font-weight:bold;text-transform:initial\">Aprende a crear relaciones sanas desde tu centro:<\/h1>\n\n\n\n<h2 class=\"has-text-align-center wp-block-heading\">Acuerdos, comunicaci\u00f3n y l\u00edmites en las relaciones <\/h2>\n\n\n\n<p><\/p>\n\n\n\n<div style=\"height:100px\" aria-hidden=\"true\" class=\"wp-block-spacer\"><\/div>\n\n\n\n<figure class=\"wp-block-video\"><video controls src=\"https:\/\/adiosamoresperros.org\/wp-content\/uploads\/2023\/06\/Video-Retiro-Feminista.mp4\"><\/video><\/figure>\n\n\n\n<h4 class=\"has-text-align-center wp-block-heading\">Estamos ofreciendo algunas sesiones privadas y gratuitas para escuchar cu\u00e1l es tu momento y asesorarte sobre si este retiro es para ti. <\/h4>\n\n\n\n<h4 class=\"has-text-align-center wp-block-heading\">Si est\u00e1s interesada, clica aqu\u00ed abajo (plazas limitadas)<\/h4>\n\n\n\n<div style=\"height:100px\" aria-hidden=\"true\" class=\"wp-block-spacer\"><\/div>\n\n\n<div class=\"wp-block-image\">\n<figure class=\"aligncenter size-full is-resized\"><a href=\"https:\/\/wa.me\/34636193683\"><img decoding=\"async\" loading=\"lazy\" src=\"https:\/\/adiosamoresperros.org\/wp-content\/uploads\/2023\/06\/wa_agenda-1.png\" alt=\"\" class=\"wp-image-3257\" width=\"542\" height=\"83\" srcset=\"https:\/\/adiosamoresperros.org\/wp-content\/uploads\/2023\/06\/wa_agenda-1.png 723w, https:\/\/adiosamoresperros.org\/wp-content\/uploads\/2023\/06\/wa_agenda-1-300x46.png 300w, https:\/\/adiosamoresperros.org\/wp-content\/uploads\/2023\/06\/wa_agenda-1-600x92.png 600w\" sizes=\"(max-width: 542px) 100vw, 542px\" \/><\/a><\/figure><\/div>\n\n\n<div style=\"height:75px\" aria-hidden=\"true\" class=\"wp-block-spacer\"><\/div>\n\n\n\n<div style=\"height:100px\" aria-hidden=\"true\" class=\"wp-block-spacer\"><\/div>\n\n\n\n<div class=\"wp-block-buttons is-layout-flex\"><\/div>\n\n\n\n<div class=\"wp-block-columns has-4-columns is-layout-flex wp-container-7\">\n<div class=\"wp-block-column is-layout-flow\">\n<div class=\"wp-block-columns is-layout-flex wp-container-5\">\n<div class=\"wp-block-column is-layout-flow\">\n<div class=\"wp-block-uagb-info-box uagb-block-4cb56a30 uagb-infobox__content-wrap  uagb-infobox-icon-above-title uagb-infobox-image-valign-top uagb-infobox__outer-wrap\"><div class=\"uagb-ifb-content\"><div class=\"uagb-ifb-icon-wrap\"><svg xmlns=\"https:\/\/www.w3.org\/2000\/svg\" viewbox=\"0 0 448 512\"><path d=\"M160 32V64H288V32C288 14.33 302.3 0 320 0C337.7 0 352 14.33 352 32V64H400C426.5 64 448 85.49 448 112V160H0V112C0 85.49 21.49 64 48 64H96V32C96 14.33 110.3 0 128 0C145.7 0 160 14.33 160 32zM0 192H448V464C448 490.5 426.5 512 400 512H48C21.49 512 0 490.5 0 464V192zM64 304C64 312.8 71.16 320 80 320H112C120.8 320 128 312.8 128 304V272C128 263.2 120.8 256 112 256H80C71.16 256 64 263.2 64 272V304zM192 304C192 312.8 199.2 320 208 320H240C248.8 320 256 312.8 256 304V272C256 263.2 248.8 256 240 256H208C199.2 256 192 263.2 192 272V304zM336 256C327.2 256 320 263.2 320 272V304C320 312.8 327.2 320 336 320H368C376.8 320 384 312.8 384 304V272C384 263.2 376.8 256 368 256H336zM64 432C64 440.8 71.16 448 80 448H112C120.8 448 128 440.8 128 432V400C128 391.2 120.8 384 112 384H80C71.16 384 64 391.2 64 400V432zM208 384C199.2 384 192 391.2 192 400V432C192 440.8 199.2 448 208 448H240C248.8 448 256 440.8 256 432V400C256 391.2 248.8 384 240 384H208zM320 432C320 440.8 327.2 448 336 448H368C376.8 448 384 440.8 384 432V400C384 391.2 376.8 384 368 384H336C327.2 384 320 391.2 320 400V432z\"><\/path><\/svg><\/div><div class=\"uagb-ifb-title-wrap\"><h3 class=\"uagb-ifb-title\">\u00bfCu\u00e1ndo tiene lugar el retiro?<\/h3><\/div><p class=\"uagb-ifb-desc\"> Nos encontraremos el<strong> 30 de junio, 1 y 2 <\/strong>d<strong>e julio<\/strong>. Un fin de semana enterito para ti, para tu disfrute y tu cuidado, para reflexionar sobre tu relaci\u00f3n contigo misma y con tus v\u00ednculos significativos. Un oasis de tranquilidad, belleza y aprendizaje.<\/p><\/div><\/div>\n<\/div>\n\n\n\n<div class=\"wp-block-column is-layout-flow\">\n<div class=\"wp-block-uagb-info-box uagb-block-d5276899 uagb-infobox__content-wrap  uagb-infobox-icon-above-title uagb-infobox-image-valign-top uagb-infobox__outer-wrap\"><div class=\"uagb-ifb-content\"><div class=\"uagb-ifb-icon-wrap\"><svg xmlns=\"https:\/\/www.w3.org\/2000\/svg\" viewbox=\"0 0 384 512\"><path d=\"M168.3 499.2C116.1 435 0 279.4 0 192C0 85.96 85.96 0 192 0C298 0 384 85.96 384 192C384 279.4 267 435 215.7 499.2C203.4 514.5 180.6 514.5 168.3 499.2H168.3zM192 256C227.3 256 256 227.3 256 192C256 156.7 227.3 128 192 128C156.7 128 128 156.7 128 192C128 227.3 156.7 256 192 256z\"><\/path><\/svg><\/div><div class=\"uagb-ifb-title-wrap\"><h3 class=\"uagb-ifb-title\">\u00bfD\u00f3nde ser\u00e1?<\/h3><\/div><p class=\"uagb-ifb-desc\"> En el alojamiento rural <strong>La Morera<\/strong>, en El Brull (a una hora de Barcelona y a los pies del Montseny). Una preciosa casa  con habitaciones compartidas (m\u00e1ximo 3 mujeres por habitaci\u00f3n) con ba\u00f1o privado, comida ecol\u00f3gica y vegetariana donde estaremos rodeadas de \u00e1rboles y pajaritos. <br><\/p><\/div><\/div>\n<\/div>\n\n\n\n<div class=\"wp-block-column is-layout-flow\">\n<div class=\"wp-block-uagb-info-box uagb-block-9a014cf4 uagb-infobox__content-wrap  uagb-infobox-icon-above-title uagb-infobox-image-valign-top uagb-infobox__outer-wrap\"><div class=\"uagb-ifb-content\"><div class=\"uagb-ifb-icon-wrap\"><svg xmlns=\"https:\/\/www.w3.org\/2000\/svg\" viewbox=\"0 0 512 512\"><path d=\"M0 256C0 114.6 114.6 0 256 0C397.4 0 512 114.6 512 256C512 397.4 397.4 512 256 512C114.6 512 0 397.4 0 256zM371.8 211.8C382.7 200.9 382.7 183.1 371.8 172.2C360.9 161.3 343.1 161.3 332.2 172.2L224 280.4L179.8 236.2C168.9 225.3 151.1 225.3 140.2 236.2C129.3 247.1 129.3 264.9 140.2 275.8L204.2 339.8C215.1 350.7 232.9 350.7 243.8 339.8L371.8 211.8z\"><\/path><\/svg><\/div><div class=\"uagb-ifb-title-wrap\"><h3 class=\"uagb-ifb-title\">\u00bfCu\u00e1nto cuesta?<\/h3><\/div><p class=\"uagb-ifb-desc\"> Todo, todito incluido: <br>talleres, materiales, alojamiento y comida sana y deliciosa por tan solo <strong>340\u20ac.<\/strong>  <br><em>Bonus extra:<\/em> Taller online \u00abSanar las heridas de confianza\u00bb, que te quedas para siempre.<\/p><\/div><\/div>\n<\/div>\n<\/div>\n<\/div>\n<\/div>\n\n\n\n<p class=\"has-text-align-center\" style=\"font-size:25px\">\u00a1PLAZAS LIMITADAS!<\/p>\n\n\n\n<div style=\"height:100px\" aria-hidden=\"true\" class=\"wp-block-spacer\"><\/div>\n\n\n<div class=\"wp-block-image\">\n<figure class=\"aligncenter size-full\"><img decoding=\"async\" loading=\"lazy\" width=\"182\" height=\"182\" src=\"https:\/\/adiosamoresperros.org\/wp-content\/uploads\/2021\/11\/Recurso-8.png\" alt=\"\" class=\"wp-image-2269\" srcset=\"https:\/\/adiosamoresperros.org\/wp-content\/uploads\/2021\/11\/Recurso-8.png 182w, https:\/\/adiosamoresperros.org\/wp-content\/uploads\/2021\/11\/Recurso-8-100x100.png 100w, https:\/\/adiosamoresperros.org\/wp-content\/uploads\/2021\/11\/Recurso-8-150x150.png 150w\" sizes=\"(max-width: 182px) 100vw, 182px\" \/><\/figure><\/div>\n\n\n<div style=\"height:100px\" aria-hidden=\"true\" class=\"wp-block-spacer\"><\/div>\n\n\n\n<p class=\"has-text-align-center\" style=\"font-size:25px\"><strong>Un espacio feminista y colectivo de cuidados es pol\u00edtico, es sanador y es una bocanada de aire fresco.<\/strong><\/p>\n\n\n\n<div style=\"height:20px\" aria-hidden=\"true\" class=\"wp-block-spacer\"><\/div>\n\n\n\n<div style=\"height:100px\" aria-hidden=\"true\" class=\"wp-block-spacer\"><\/div>\n\n\n\n<p><\/p>\n\n\n\n<div class=\"wp-block-coblocks-accordion\">\n<div class=\"wp-block-coblocks-accordion-item\" style=\"color:#864e86\"><details><summary class=\"wp-block-coblocks-accordion-item__title has-text-color\" style=\"color:#864e86\"> \u00bfQu\u00e9 puedo esperar de este Retiro? <\/summary><div class=\"wp-block-coblocks-accordion-item__content\">\n<p><\/p>\n\n\n\n<p>Te damos la bienvenida a un <strong>espacio feminista y comunitario<\/strong> de aprendizaje, libertad y cuidados, donde adquirir\u00e1s herramientas poderosas y concretas para tejer relaciones amorosas m\u00e1s sanas, disfrutonas, diversas e igualitarias.<\/p>\n\n\n\n<p>Esta edici\u00f3n la centraremos en trabajar los acuerdos, la comunicaci\u00f3n y los l\u00edmites en las relaciones, para que no \u00abte pierdas\u00bb en ellas sino que puedas disfrutarlas desde tu centro.<\/p>\n\n\n\n<p><strong>Aprender\u00e1s a poner l\u00edmites y a comunicar tus necesidades, gustos y deseos desde un mayor autopermiso y legitimidad.<\/strong><\/p>\n\n\n\n<p>Adem\u00e1s, ser\u00e1 un espacio tejido desde lo comunitario, desde la diversidad de experiencias que vivimos y de mujeres que somos, sabiendo a la vez que estamos expuestas a las mismas l\u00f3gicas amorosas y relacionales limitantes, neoliberales y violentas, que buscan atomizarnos, aislarnos y leernos desde la competencia y la exclusividad.<\/p>\n\n\n\n<p>Promoveremos y tejeremos desde la construcci\u00f3n colectiva<strong> l\u00f3gicas amorosas m\u00e1s liberadoras, desde lo pr\u00e1ctico pero tambi\u00e9n desde lo profundo.<\/strong> Fortaleceremos nuestra autoestima y promoveremos la creaci\u00f3n de una red.<\/p>\n\n\n\n<p><strong>Aprenderemos juntas a romper patrones t\u00f3xicos:<\/strong> <\/p>\n\n\n\n<p><\/p>\n\n\n\n<blockquote class=\"wp-block-quote\"><p>De dependencia (s\u00e9 que no me va bien, pero no puedo dejarlo)<br>De aislamiento (dejo de llamar a mis amigas porque el centro es mi pareja)<br>De silencio (me callo para no discutir)<br>De represi\u00f3n (har\u00eda otras cosas, me comportar\u00eda de otra manera\u2026 pero a mi pareja no le gusta)<br>De sufrimiento (quiero cambiarte, sufro por que me ignoras o minusvaloras, me maltratas)<br>De falta de cari\u00f1o, de atenci\u00f3n, de cuidados (me siento sola, no cuidada, no valorada)<br>De apego inseguro (no s\u00e9 qu\u00e9 esperar de ti)<br>De desequilibrio (siento que pongo mucho m\u00e1s que mi pareja: de dinero, de cuidado, de amor\u2026)<br>Estos patrones no caen del cielo. El amor que aprendemos no es neutro: es amor rom\u00e1ntico patriarcal.<\/p><\/blockquote>\n<\/div><\/details><\/div>\n\n\n\n<div class=\"wp-block-coblocks-accordion-item\" style=\"color:#864e86\"><details><summary class=\"wp-block-coblocks-accordion-item__title has-text-color\" style=\"color:#864e86\">\u00bfQu\u00e9 me llevar\u00e9 de vuelta a casa?<\/summary><div class=\"wp-block-coblocks-accordion-item__content\">\n<p class=\"has-black-color has-text-color\">Tejeremos a trav\u00e9s de din\u00e1micas de coaching feminista, visualizaciones, ejercicios pr\u00e1cticos, conversaciones poderosas, propuestas de reflexi\u00f3n y juego en grupo grande, parejas e individuales, ratos libres, paseos por el bosque\u2026. unas l\u00f3gicas amorosas en las que:<\/p>\n\n\n\n<blockquote class=\"wp-block-quote\"><p>Sintamos que nos merecemos ser <strong>queridas, atendidas, cuidadas y valoradas.<\/strong><br>Podamos ser<strong> libres<\/strong> y elegir el tipo de relaciones que deseamos.<br>Cuestionemos estas l\u00f3gicas capitalistas que nos atomizan y a\u00edslan, para apostar por construir <strong>redes de cuidados.<\/strong><br>Nos <strong>apoyemos <\/strong>entre nosotras y nos hagamos de espejo.<br>Nos comuniquemos desde la <strong>honestidad.<\/strong><br>Nos sintamos <strong>tranquilas <\/strong>y apostemos por ser nosotras mismas.<br>Se construya un <strong>equilibrio en el dar y el recibir.<\/strong><br>Sepamos poner <strong>l\u00edmites<\/strong> y escuchar nuestras necesidades.<br>Donde disfrutemos de <strong>nuestra sexualidad libremente.<\/strong><br>Donde las violencias <strong>no tengan cabida.<\/strong><br>Donde<strong> lideremos nuestras vidas<\/strong> y la b\u00fasqueda de nuestra libertad y placer.<\/p><\/blockquote>\n\n\n\n<p><\/p>\n\n\n\n<p><\/p>\n<\/div><\/details><\/div>\n<\/div>\n\n\n\n<div class=\"wp-block-coblocks-accordion\">\n<div class=\"wp-block-coblocks-accordion-item\" style=\"color:#864e86\"><details><summary class=\"wp-block-coblocks-accordion-item__title has-text-color\" style=\"color:#864e86\">Objetivos del Retiro<\/summary><div class=\"wp-block-coblocks-accordion-item__content\">\n<p>Disfrutar, reflexionar y aprender <strong>en un espacio seguro y de cuidado<\/strong> (feminista, antirracista y pro-diversidad) en medio de la naturaleza.<\/p>\n\n\n\n<p>Aprender a seguir <strong>\u00aben tu centro\u00bb<\/strong> cu\u00e1ndo est\u00e1s en una relaci\u00f3n sexoafectiva<\/p>\n\n\n\n<p>Desarrollar una <strong>mirada amorosa y de reconocimiento <\/strong>hacia una misma<\/p>\n\n\n\n<p>Adquirir<strong> herramientas <\/strong>sobre comunicaci\u00f3n asertiva y no violenta, feedback, l\u00edmites y negociaci\u00f3n en las relaciones amorosas y otros v\u00ednculos significativos.<\/p>\n\n\n\n<p>Reconocer y desafiar las <strong>din\u00e1micas patriarcales y heteronormativas <\/strong>en las relaciones, as\u00ed como los mitos del amor rom\u00e1ntico<\/p>\n\n\n\n<p>Poner en valor <strong>otros modelos y l\u00f3gicas relacionales<\/strong><\/p>\n\n\n\n<p>Identificar con m\u00e1s claridad las <strong>\u00abbanderas rojas\u00bb<\/strong> y violencias<\/p>\n\n\n\n<p>Reconocer y nombrar las <strong>\u00abbanderas verdes\u00bb<\/strong>, d\u00f3nde s\u00ed queremos quedarnos<\/p>\n\n\n\n<p>Fomentar el <strong>autocuidado<\/strong> y aprender a priorizarse en las relaciones afectivas<\/p>\n\n\n\n<p><strong>Compartir reflexiones, recursos y experiencias<\/strong> para crear relaciones sanas, disfrutonas, diversas e igualitarias.<\/p>\n\n\n\n<p>Mejorar la <strong>autoestima <\/strong>colectiva e individualmente<\/p>\n\n\n\n<p>Ganar en<strong> seguridad<\/strong><\/p>\n\n\n\n<p>Promover la <strong>creaci\u00f3n de una red de cuidados entre mujeres<\/strong> donde sentir que perteneces, sentirte comprendida y acogida.<\/p>\n\n\n\n<p class=\"has-black-color has-text-color\"><\/p>\n\n\n\n<p class=\"has-black-color has-text-color\"><\/p>\n\n\n\n<p class=\"has-black-color has-text-color\"><\/p>\n\n\n\n<p class=\"has-black-color has-text-color\"><\/p>\n<\/div><\/details><\/div>\n\n\n\n<div class=\"wp-block-coblocks-accordion-item\" style=\"color:#864e86\"><details><summary class=\"wp-block-coblocks-accordion-item__title has-text-color\" style=\"color:#864e86\">\u00bfC\u00f3mo lo haremos?<\/summary><div class=\"wp-block-coblocks-accordion-item__content\">\n<p class=\"has-black-color has-text-color\"><strong>En un espacio seguro, confidencial, c\u00e1lido y agradable.<\/strong><\/p>\n\n\n\n<p class=\"has-black-color has-text-color\">Un espacio feminista, sin juicios, donde las diversidades son bienvenidas y celebradas.<\/p>\n\n\n\n<p class=\"has-black-color has-text-color\">Trabajaremos siempre escuchando las necesidades del grupo, a trav\u00e9s de visualizaciones, conversaciones, algunos encuadres metodol\u00f3gicos\/te\u00f3ricos, din\u00e1micas de coaching feminista, reflexi\u00f3n personal, en parejas, en grupo peque\u00f1o y en grupo grande.<\/p>\n\n\n\n<p class=\"has-black-color has-text-color\"><strong>Nadie est\u00e1 \u201cobligada\u201d a nada:<\/strong> ni a hablar, ni a compartir lo que no est\u00e1 preparada para compartir. <\/p>\n\n\n\n<p class=\"has-black-color has-text-color\">Es un espacio para sentirnos libres de estar desde donde estemos. <\/p>\n\n\n\n<p class=\"has-black-color has-text-color\">Cada cual aportaremos y recibiremos desde ah\u00ed.&nbsp;<\/p>\n<\/div><\/details><\/div>\n<\/div>\n\n\n\n<div style=\"height:25px\" aria-hidden=\"true\" class=\"wp-block-spacer\"><\/div>\n\n\n\n<div class=\"wp-block-buttons is-horizontal is-content-justification-center is-layout-flex wp-container-8\">\n<div class=\"wp-block-button\"><a class=\"wp-block-button__link has-background\" href=\"https:\/\/adiosamoresperros.org\/ca\/tienda\/?add-to-cart=3002\" style=\"border-radius:9px;background-color:#864e86\" target=\"_blank\" rel=\"noreferrer noopener\"><strong>\u00a1Quiero reservar mi plaza ahora<\/strong>!<\/a><\/div>\n<\/div>\n\n\n\n<p class=\"has-text-align-center\"><\/p>\n\n\n\n<div style=\"height:25px\" aria-hidden=\"true\" class=\"wp-block-spacer\"><\/div>\n\n\n\n<p><\/p>\n\n\n\n<div class=\"wp-block-coblocks-gallery-carousel\"><div class=\"is-cropped coblocks-gallery has-no-alignment has-caption-style-dark has-horizontal-gutter\"><div class=\"has-carousel has-carousel-lrg\" style=\"height:400px\" data-flickity=\"{&quot;autoPlay&quot;:false,&quot;draggable&quot;:true,&quot;pageDots&quot;:false,&quot;prevNextButtons&quot;:true,&quot;wrapAround&quot;:true,&quot;cellAlign&quot;:&quot;center&quot;,&quot;pauseAutoPlayOnHover&quot;:false,&quot;freeScroll&quot;:false,&quot;arrowShape&quot;:{&quot;x0&quot;:10,&quot;x1&quot;:60,&quot;y1&quot;:50,&quot;x2&quot;:65,&quot;y2&quot;:45,&quot;x3&quot;:20},&quot;thumbnails&quot;:false,&quot;responsiveHeight&quot;:false}\"><div class=\"coblocks-gallery--item\"><figure class=\"coblocks-gallery--figure has-margin-left-5 has-margin-left-mobile-5 has-margin-right-5 has-margin-right-mobile-5\"><img decoding=\"async\" loading=\"lazy\" width=\"1024\" height=\"768\" src=\"https:\/\/adiosamoresperros.org\/wp-content\/uploads\/2020\/03\/IMG_20200125_134756-1024x768.jpg\" alt=\"\" data-id=\"1221\" data-link=\"https:\/\/adiosamoresperros.org\/retiro\/img_20200125_134756\/\" class=\"wp-image-1221\"\/><\/figure><\/div><div class=\"coblocks-gallery--item\"><figure class=\"coblocks-gallery--figure has-margin-left-5 has-margin-left-mobile-5 has-margin-right-5 has-margin-right-mobile-5\"><img decoding=\"async\" loading=\"lazy\" width=\"1024\" height=\"768\" src=\"https:\/\/adiosamoresperros.org\/wp-content\/uploads\/2020\/03\/IMG_20200125_114203-1024x768.jpg\" alt=\"\" data-id=\"1220\" data-link=\"https:\/\/adiosamoresperros.org\/retiro\/img_20200125_114203\/\" class=\"wp-image-1220\"\/><\/figure><\/div><div class=\"coblocks-gallery--item\"><figure class=\"coblocks-gallery--figure has-margin-left-5 has-margin-left-mobile-5 has-margin-right-5 has-margin-right-mobile-5\"><img decoding=\"async\" loading=\"lazy\" width=\"1024\" height=\"678\" src=\"https:\/\/adiosamoresperros.org\/wp-content\/uploads\/2020\/03\/DSC_0130-1024x678.jpg\" alt=\"\" data-id=\"1219\" data-link=\"https:\/\/adiosamoresperros.org\/retiro\/dsc_0130\/\" class=\"wp-image-1219\"\/><\/figure><\/div><div class=\"coblocks-gallery--item\"><figure class=\"coblocks-gallery--figure has-margin-left-5 has-margin-left-mobile-5 has-margin-right-5 has-margin-right-mobile-5\"><img decoding=\"async\" loading=\"lazy\" width=\"1024\" height=\"678\" src=\"https:\/\/adiosamoresperros.org\/wp-content\/uploads\/2020\/03\/DSC_0127-1024x678.jpg\" alt=\"\" data-id=\"1218\" data-link=\"https:\/\/adiosamoresperros.org\/retiro\/dsc_0127\/\" class=\"wp-image-1218\"\/><\/figure><\/div><div class=\"coblocks-gallery--item\"><figure class=\"coblocks-gallery--figure has-margin-left-5 has-margin-left-mobile-5 has-margin-right-5 has-margin-right-mobile-5\"><img decoding=\"async\" loading=\"lazy\" width=\"1024\" height=\"768\" src=\"https:\/\/adiosamoresperros.org\/wp-content\/uploads\/2020\/03\/07A9172A-665E-444B-B499-3C53F04330D2-1024x768.jpeg\" alt=\"\" data-id=\"1204\" data-link=\"https:\/\/adiosamoresperros.org\/proxima-edicion__trashed\/07a9172a-665e-444b-b499-3c53f04330d2\/\" class=\"wp-image-1204\" srcset=\"https:\/\/adiosamoresperros.org\/wp-content\/uploads\/2020\/03\/07A9172A-665E-444B-B499-3C53F04330D2-1024x768.jpeg 1024w, https:\/\/adiosamoresperros.org\/wp-content\/uploads\/2020\/03\/07A9172A-665E-444B-B499-3C53F04330D2-600x450.jpeg 600w, https:\/\/adiosamoresperros.org\/wp-content\/uploads\/2020\/03\/07A9172A-665E-444B-B499-3C53F04330D2-300x225.jpeg 300w, https:\/\/adiosamoresperros.org\/wp-content\/uploads\/2020\/03\/07A9172A-665E-444B-B499-3C53F04330D2-768x576.jpeg 768w\" sizes=\"(max-width: 1024px) 100vw, 1024px\" \/><\/figure><\/div><div class=\"coblocks-gallery--item\"><figure class=\"coblocks-gallery--figure has-margin-left-5 has-margin-left-mobile-5 has-margin-right-5 has-margin-right-mobile-5\"><img decoding=\"async\" loading=\"lazy\" width=\"1024\" height=\"678\" src=\"https:\/\/adiosamoresperros.org\/wp-content\/uploads\/2020\/03\/DSC_0109-1024x678.jpg\" alt=\"\" data-id=\"1203\" data-link=\"https:\/\/adiosamoresperros.org\/proxima-edicion__trashed\/dsc_0109\/\" class=\"wp-image-1203\" srcset=\"https:\/\/adiosamoresperros.org\/wp-content\/uploads\/2020\/03\/DSC_0109-1024x678.jpg 1024w, https:\/\/adiosamoresperros.org\/wp-content\/uploads\/2020\/03\/DSC_0109-600x397.jpg 600w, https:\/\/adiosamoresperros.org\/wp-content\/uploads\/2020\/03\/DSC_0109-300x199.jpg 300w, https:\/\/adiosamoresperros.org\/wp-content\/uploads\/2020\/03\/DSC_0109-768x509.jpg 768w\" sizes=\"(max-width: 1024px) 100vw, 1024px\" \/><\/figure><\/div><div class=\"coblocks-gallery--item\"><figure class=\"coblocks-gallery--figure has-margin-left-5 has-margin-left-mobile-5 has-margin-right-5 has-margin-right-mobile-5\"><img decoding=\"async\" loading=\"lazy\" width=\"1024\" height=\"768\" src=\"https:\/\/adiosamoresperros.org\/wp-content\/uploads\/2020\/03\/IMG_20200125_124005-1024x768.jpg\" alt=\"\" data-id=\"1202\" data-link=\"https:\/\/adiosamoresperros.org\/proxima-edicion__trashed\/img_20200125_124005\/\" class=\"wp-image-1202\" srcset=\"https:\/\/adiosamoresperros.org\/wp-content\/uploads\/2020\/03\/IMG_20200125_124005-1024x768.jpg 1024w, https:\/\/adiosamoresperros.org\/wp-content\/uploads\/2020\/03\/IMG_20200125_124005-600x450.jpg 600w, https:\/\/adiosamoresperros.org\/wp-content\/uploads\/2020\/03\/IMG_20200125_124005-300x225.jpg 300w, https:\/\/adiosamoresperros.org\/wp-content\/uploads\/2020\/03\/IMG_20200125_124005-768x576.jpg 768w\" sizes=\"(max-width: 1024px) 100vw, 1024px\" \/><\/figure><\/div><\/div><\/div><\/div>","protected":false},"excerpt":{"rendered":"<p>30 de junio, 1 y 2 de julio: Aprende a crear relaciones sanas desde tu centro: Acuerdos, comunicaci\u00f3n y l\u00edmites en las relaciones Estamos ofreciendo algunas sesiones privadas y gratuitas para escuchar cu\u00e1l es tu momento y asesorarte sobre si este retiro es para ti. Si est\u00e1s interesada, clica aqu\u00ed abajo (plazas limitadas) \u00a1PLAZAS LIMITADAS! Un espacio feminista y colectivo [&hellip;]<\/p>","protected":false},"author":2,"featured_media":408,"parent":0,"menu_order":0,"comment_status":"closed","ping_status":"closed","template":"page-fullwidth.php","meta":{"_coblocks_attr":"","_coblocks_dimensions":"","_coblocks_responsive_height":"","_coblocks_accordion_ie_support":"","_uag_custom_page_level_css":""},"featured_image_src":"https:\/\/adiosamoresperros.org\/wp-content\/uploads\/2019\/02\/cabecera2-1.jpg","featured_image_src_square":"https:\/\/adiosamoresperros.org\/wp-content\/uploads\/2019\/02\/cabecera2-1.jpg","uagb_featured_image_src":{"full":["https:\/\/adiosamoresperros.org\/wp-content\/uploads\/2019\/02\/cabecera2-1.jpg",1800,822,false],"thumbnail":["https:\/\/adiosamoresperros.org\/wp-content\/uploads\/2019\/02\/cabecera2-1-150x150.jpg",150,150,true],"medium":["https:\/\/adiosamoresperros.org\/wp-content\/uploads\/2019\/02\/cabecera2-1-300x137.jpg",300,137,true],"medium_large":["https:\/\/adiosamoresperros.org\/wp-content\/uploads\/2019\/02\/cabecera2-1-768x351.jpg",640,293,true],"large":["https:\/\/adiosamoresperros.org\/wp-content\/uploads\/2019\/02\/cabecera2-1-1024x468.jpg",640,293,true],"1536x1536":["https:\/\/adiosamoresperros.org\/wp-content\/uploads\/2019\/02\/cabecera2-1.jpg",1536,701,false],"2048x2048":["https:\/\/adiosamoresperros.org\/wp-content\/uploads\/2019\/02\/cabecera2-1.jpg",1800,822,false],"trp-custom-language-flag":["https:\/\/adiosamoresperros.org\/wp-content\/uploads\/2019\/02\/cabecera2-1.jpg",18,8,false],"ab-block-post-grid-landscape":["https:\/\/adiosamoresperros.org\/wp-content\/uploads\/2019\/02\/cabecera2-1.jpg",600,274,false],"ab-block-post-grid-square":["https:\/\/adiosamoresperros.org\/wp-content\/uploads\/2019\/02\/cabecera2-1.jpg",600,274,false],"sensible-wp-home-blog":["https:\/\/adiosamoresperros.org\/wp-content\/uploads\/2019\/02\/cabecera2-1-400x250.jpg",400,250,true],"woocommerce_thumbnail":["https:\/\/adiosamoresperros.org\/wp-content\/uploads\/2019\/02\/cabecera2-1-300x300.jpg",300,300,true],"woocommerce_single":["https:\/\/adiosamoresperros.org\/wp-content\/uploads\/2019\/02\/cabecera2-1-600x274.jpg",600,274,true],"woocommerce_gallery_thumbnail":["https:\/\/adiosamoresperros.org\/wp-content\/uploads\/2019\/02\/cabecera2-1-100x100.jpg",100,100,true]},"uagb_author_info":{"display_name":"JM Lara","author_link":"https:\/\/adiosamoresperros.org\/ca\/author\/inocuo\/"},"uagb_comment_info":0,"uagb_excerpt":"30 de junio, 1 y 2 de julio: Aprende a crear relaciones sanas desde tu centro: Acuerdos, comunicaci\u00f3n y l\u00edmites en las relaciones Estamos ofreciendo algunas sesiones privadas y gratuitas para escuchar cu\u00e1l es tu momento y asesorarte sobre si este retiro es para ti. Si est\u00e1s interesada, clica aqu\u00ed abajo (plazas limitadas) \u00a1PLAZAS LIMITADAS!&hellip;","_links":{"self":[{"href":"https:\/\/adiosamoresperros.org\/ca\/wp-json\/wp\/v2\/pages\/3249"}],"collection":[{"href":"https:\/\/adiosamoresperros.org\/ca\/wp-json\/wp\/v2\/pages"}],"about":[{"href":"https:\/\/adiosamoresperros.org\/ca\/wp-json\/wp\/v2\/types\/page"}],"author":[{"embeddable":true,"href":"https:\/\/adiosamoresperros.org\/ca\/wp-json\/wp\/v2\/users\/2"}],"replies":[{"embeddable":true,"href":"https:\/\/adiosamoresperros.org\/ca\/wp-json\/wp\/v2\/comments?post=3249"}],"version-history":[{"count":20,"href":"https:\/\/adiosamoresperros.org\/ca\/wp-json\/wp\/v2\/pages\/3249\/revisions"}],"predecessor-version":[{"id":3291,"href":"https:\/\/adiosamoresperros.org\/ca\/wp-json\/wp\/v2\/pages\/3249\/revisions\/3291"}],"wp:featuredmedia":[{"embeddable":true,"href":"https:\/\/adiosamoresperros.org\/ca\/wp-json\/wp\/v2\/media\/408"}],"wp:attachment":[{"href":"https:\/\/adiosamoresperros.org\/ca\/wp-json\/wp\/v2\/media?parent=3249"}],"curies":[{"name":"wp","href":"https:\/\/api.w.org\/{rel}","templated":true}]}}